{"id":31,"date":"2017-01-22T21:57:50","date_gmt":"2017-01-22T18:57:50","guid":{"rendered":"https:\/\/nevhangunduz.com.tr\/?page_id=31"},"modified":"2022-09-29T19:44:54","modified_gmt":"2022-09-29T16:44:54","slug":"nevhan-gunduz-hakkinda","status":"publish","type":"page","link":"https:\/\/www.nevhangunduz.com.tr\/index.php\/nevhan-gunduz-hakkinda\/","title":{"rendered":"Nevhan G\u00fcnd\u00fcz Kimdir ?"},"content":{"rendered":"\n<h1 class=\"wp-block-heading\">Nevhan G\u00fcnd\u00fcz <\/h1>\n\n\n\n<hr class=\"wp-block-separator has-css-opacity is-style-wide\"\/>\n\n\n\n<div class=\"wp-block-media-text alignwide is-stacked-on-mobile\" style=\"grid-template-columns:55% auto\"><figure class=\"wp-block-media-text__media\"><img loading=\"lazy\" decoding=\"async\" width=\"1024\" height=\"697\" src=\"https:\/\/www.nevhangunduz.com.tr\/wp-content\/uploads\/2022\/09\/ERG_3006-1024x697.jpg\" alt=\"\" class=\"wp-image-1238 size-full\" srcset=\"https:\/\/www.nevhangunduz.com.tr\/wp-content\/uploads\/2022\/09\/ERG_3006-1024x697.jpg 1024w, https:\/\/www.nevhangunduz.com.tr\/wp-content\/uploads\/2022\/09\/ERG_3006-300x204.jpg 300w, https:\/\/www.nevhangunduz.com.tr\/wp-content\/uploads\/2022\/09\/ERG_3006-768x523.jpg 768w, https:\/\/www.nevhangunduz.com.tr\/wp-content\/uploads\/2022\/09\/ERG_3006-1536x1045.jpg 1536w, https:\/\/www.nevhangunduz.com.tr\/wp-content\/uploads\/2022\/09\/ERG_3006-2048x1394.jpg 2048w, https:\/\/www.nevhangunduz.com.tr\/wp-content\/uploads\/2022\/09\/ERG_3006-400x272.jpg 400w\" sizes=\"auto, (max-width: 1024px) 100vw, 1024px\" \/><\/figure><div class=\"wp-block-media-text__content\">\n<p style=\"font-size:18px\"><strong>Nevhan<a href=\"https:\/\/www.nevhangunduz.com.tr\/index.php\/category\/nevhan-gunduz-haberler\/\">\u00a0G\u00fcnd\u00fcz<\/a><\/strong>\u00a01975 y\u0131l\u0131nda Hatay\u2019da do\u011fmu\u015ftur.<\/p>\n\n\n\n<p style=\"font-size:18px\">Ortaokul ve lise tahsilini \u0130stanbul \u00d6zel Semiha \u015eakir Lisesi\u2019nde, \u00fcniversite e\u011fitimini New York Institute of Technology\u2019de tamamlam\u0131\u015ft\u0131r.<\/p>\n\n\n\n<p style=\"font-size:18px\">E\u011fitim hayat\u0131n\u0131 tamamlad\u0131ktan sonra, elektrik ve enerji sekt\u00f6r\u00fcnde \u00e7al\u0131\u015fmalara ba\u015flam\u0131\u015ft\u0131r.<\/p>\n<\/div><\/div>\n\n\n\n<hr class=\"wp-block-separator has-css-opacity is-style-wide\"\/>\n\n\n\n<div class=\"wp-block-media-text alignwide has-media-on-the-right\" style=\"grid-template-columns:auto 44%\"><figure class=\"wp-block-media-text__media\"><img loading=\"lazy\" decoding=\"async\" width=\"695\" height=\"1024\" src=\"https:\/\/www.nevhangunduz.com.tr\/wp-content\/uploads\/2022\/08\/ERG_3056-695x1024.jpg\" alt=\"\" class=\"wp-image-1241 size-full\" srcset=\"https:\/\/www.nevhangunduz.com.tr\/wp-content\/uploads\/2022\/08\/ERG_3056-695x1024.jpg 695w, https:\/\/www.nevhangunduz.com.tr\/wp-content\/uploads\/2022\/08\/ERG_3056-204x300.jpg 204w, https:\/\/www.nevhangunduz.com.tr\/wp-content\/uploads\/2022\/08\/ERG_3056-768x1131.jpg 768w, https:\/\/www.nevhangunduz.com.tr\/wp-content\/uploads\/2022\/08\/ERG_3056-1043x1536.jpg 1043w, https:\/\/www.nevhangunduz.com.tr\/wp-content\/uploads\/2022\/08\/ERG_3056-1391x2048.jpg 1391w, https:\/\/www.nevhangunduz.com.tr\/wp-content\/uploads\/2022\/08\/ERG_3056-scaled.jpg 1738w\" sizes=\"auto, (max-width: 695px) 100vw, 695px\" \/><\/figure><div class=\"wp-block-media-text__content\">\n<p style=\"font-size:18px\">Yenilenebilir enerji sekt\u00f6r\u00fcnde kat\u0131 at\u0131klar\u0131n bertaraf\u0131 ve ekonomiye geri kazan\u0131m\u0131 konusunda 1998 y\u0131l\u0131ndan itibaren yo\u011fun \u00e7al\u0131\u015fmalarda bulunmu\u015ftur.<\/p>\n\n\n\n<p style=\"font-size:18px\">Yurt d\u0131\u015f\u0131nda da yayg\u0131n yenilenebilir enerji teknolojilerinin T\u00fcrkiye\u2019ye tan\u0131t\u0131lmas\u0131 ve getirilmesi konular\u0131nda \u00e7al\u0131\u015fmalarda bulunan Nevhan G\u00fcnd\u00fcz ;<\/p>\n\n\n\n<p style=\"font-size:18px\">1998 y\u0131l\u0131na kadar orta\u011f\u0131 ve y\u00f6netim kurulu \u00fcyesi oldu\u011fu G\u00fcnd\u00fcz Elektrik Metal \u0130n\u015faat Malzemeleri Tic. ve San. A.\u015e.\u2019de \u00e7al\u0131\u015fmalarda bulunmu\u015ftur.<\/p>\n<\/div><\/div>\n\n\n\n<hr class=\"wp-block-separator has-css-opacity is-style-wide\"\/>\n\n\n\n<h2 class=\"wp-block-heading\">Nevhan G\u00fcnd\u00fcz  ve \u00c7ocuklar ?<\/h2>\n\n\n\n<hr class=\"wp-block-separator has-css-opacity is-style-wide\"\/>\n\n\n\n<div class=\"wp-block-media-text alignwide\" style=\"grid-template-columns:55% auto\"><figure class=\"wp-block-media-text__media\"><img loading=\"lazy\" decoding=\"async\" width=\"750\" height=\"429\" src=\"https:\/\/www.nevhangunduz.com.tr\/wp-content\/uploads\/2019\/11\/nevhan-gunduz-cocuklar-e1574765296583.jpg\" alt=\"Nevhan G\u00fcnd\u00fcz ve \u00c7ocuklar\" class=\"wp-image-775 size-full\" srcset=\"https:\/\/www.nevhangunduz.com.tr\/wp-content\/uploads\/2019\/11\/nevhan-gunduz-cocuklar-e1574765296583.jpg 750w, https:\/\/www.nevhangunduz.com.tr\/wp-content\/uploads\/2019\/11\/nevhan-gunduz-cocuklar-e1574765296583-300x172.jpg 300w, https:\/\/www.nevhangunduz.com.tr\/wp-content\/uploads\/2019\/11\/nevhan-gunduz-cocuklar-e1574765296583-690x395.jpg 690w, https:\/\/www.nevhangunduz.com.tr\/wp-content\/uploads\/2019\/11\/nevhan-gunduz-cocuklar-e1574765296583-400x229.jpg 400w\" sizes=\"auto, (max-width: 750px) 100vw, 750px\" \/><\/figure><div class=\"wp-block-media-text__content\">\n<p style=\"font-size:18px\">\u0130stanbul\u2019da ya\u015fayan ve iki \u00e7ocuk sahibi olan\u00a0<a href=\"https:\/\/www.nevhangunduz.com.tr\/index.php\/category\/nevhan-gunduz-gorsel-basin\/\"><strong>G\u00fcnd\u00fcz<\/strong> <\/a>  kurucu orta\u011f\u0131 oldu\u011fu ORGE Enerji Elektrik Taahh\u00fct A.\u015e.\u2019de Y\u00f6netim Kurulu Ba\u015fkan Yard\u0131mc\u0131s\u0131 ve CEO\u2019luk g\u00f6revlerini s\u00fcrd\u00fcrmektedir. <\/p>\n<\/div><\/div>\n\n\n\n<hr class=\"wp-block-separator has-css-opacity is-style-wide\"\/>\n\n\n\n<h3 class=\"wp-block-heading\">ORGE ELEKTR\u0130K TAAHH\u00dcT HAKKINDA<\/h3>\n\n\n\n<hr class=\"wp-block-separator has-css-opacity is-style-wide\"\/>\n\n\n\n<p style=\"font-size:14px\"><a href=\"http:\/\/orge.com.tr\/\">ORGE Elektrik Taahh\u00fct<\/a>, 1965 y\u0131l\u0131ndan bu yana elektrik taahh\u00fct sekt\u00f6r\u00fcnde i\u015f yapan G\u00dcND\u00dcZ Ailesinin hakim ortak oldu\u011fu bir \u015firket olup, Y\u00f6netim Kurulu Ba\u015fkan\u0131 Orhan G\u00dcND\u00dcZ elektrik taahh\u00fct disiplininin her dal\u0131nda \u00e7al\u0131\u015fma imkan\u0131 bulmu\u015f ve 1968 senesinden itibaren i\u015fveren olarak sekt\u00f6rdeki yerini alm\u0131\u015ft\u0131r.<\/p>\n\n\n\n<p style=\"font-size:14px\">\u00c7ukurova Elektrik, \u0130ller Bankas\u0131 ve T\u00fcrkiye Elektrik Kurumu\u2019nun enerji nakil hatlar\u0131 i\u015flerinde elektrik taahh\u00fct i\u015flerini tamamlam\u0131\u015ft\u0131r.<\/p>\n\n\n\n<p style=\"font-size:14px\">Y\u00f6netim Kurulu Ba\u015fkan\u0131 Orhan G\u00dcND\u00dcZ 54 y\u0131ll\u0131k i\u015f hayat\u0131nda YE\u011eENLER Kollektif \u015eirketi\u2019nin, YE-PA Elektroteknik A.\u015e.\u2019nin, GALDEM A.\u015e.\u2019nin, G\u00dcND\u00dcZ Elektrik A.\u015e.\u2019nin ve AND \u0130n\u015faat A.\u015e.\u2019nin de kuruculu\u011funu ve Ba\u015fkanl\u0131\u011f\u0131n\u0131 yapm\u0131\u015ft\u0131r.<\/p>\n\n\n\n<p style=\"font-size:14px\">\u015eirketimiz, 12.02.1998 tarihinde ORGE Enerji Sistemleri \u0130n\u015faat Metal Ticaret ve Taahh\u00fct A.\u015e. unvan\u0131yla kurulmu\u015f , \u0130stanbul Ticaret Sicil Memurlu\u011funun 389580 sicil numaras\u0131 ile tescil olmu\u015ftur.<\/p>\n\n\n\n<p style=\"font-size:14px\">\u015eirketin unvan\u0131 30.06.2010 tarihinde ORGE Enerji Elektrik Taahh\u00fct A.\u015e.&nbsp; olarak de\u011fi\u015ftirilmi\u015f ve tescil edilmi\u015ftir.<\/p>\n\n\n\n<p style=\"font-size:14px\">Kurulu\u015fundan bug\u00fcne ORGE Elektrik Taahh\u00fct,4.000.000 m2 \u00fczerinde kapal\u0131 alanl\u0131 elektrik taahh\u00fct i\u015fini tamamlam\u0131\u015f ve eksiksiz teslim etmi\u015ftir.<\/p>\n\n\n\n<p><\/p>\n\n\n\n<hr class=\"wp-block-separator has-css-opacity is-style-wide\"\/>\n\n\n\n<h3 class=\"wp-block-heading\"> ORGE ELEKTR\u0130K TAR\u0130H\u00c7E<\/h3>\n\n\n\n<hr class=\"wp-block-separator has-css-opacity is-style-wide\"\/>\n\n\n\n<p style=\"font-size:14px\">ORGE Elektrik Taahh\u00fct, 1965 y\u0131l\u0131ndan bu yana elektrik taahh\u00fct sekt\u00f6r\u00fcnde i\u015f yapan G\u00dcND\u00dcZ Ailesinin hakim ortak oldu\u011fu bir \u015firkettir.<\/p>\n\n\n\n<p style=\"font-size:14px\">Y\u00f6netim Kurulu Ba\u015fkan\u0131 Orhan G\u00dcND\u00dcZ elektrik taahh\u00fct disiplininin her dal\u0131nda \u00e7al\u0131\u015fma imkan\u0131 bulmu\u015f ve bilhassa 1968 senesinden itibaren i\u015fveren olarak sekt\u00f6rdeki yerini alm\u0131\u015ft\u0131r.<\/p>\n\n\n\n<p style=\"font-size:14px\">\u015eirketimiz, 12.02.1998 tarihinde ORGE Enerji Sistemleri \u0130n\u015faat Metal Ticaret ve Taahh\u00fct A.\u015e. unvan\u0131yla kurulmu\u015f olup, \u0130stanbul Ticaret Sicil Memurlu\u011funun 389580 sicil numaras\u0131 ile tescil olmu\u015ftur.&nbsp;<\/p>\n\n\n\n<p style=\"font-size:14px\">\u015eirketin unvan\u0131 30.06.2010 tarihinde ORGE Enerji Elektrik Taahh\u00fct A.\u015e.&nbsp; olarak de\u011fi\u015ftirilmi\u015f ve tescil edilmi\u015ftir.<\/p>\n\n\n\n<p style=\"font-size:14px\"> Bug\u00fcne kadar ORGE Elektrik Taahh\u00fct 4.000.000 m2 \u00fczerinde kapal\u0131 alanl\u0131 elektrik taahh\u00fct i\u015fini tamamlam\u0131\u015f ve eksiksiz teslim etmi\u015ftir.<\/p>\n","protected":false},"excerpt":{"rendered":"<p>Nevhan G\u00fcnd\u00fcz Nevhan\u00a0G\u00fcnd\u00fcz\u00a01975 y\u0131l\u0131nda Hatay\u2019da do\u011fmu\u015ftur. Ortaokul ve lise tahsilini \u0130stanbul \u00d6zel Semiha \u015eakir Lisesi\u2019nde, \u00fcniversite e\u011fitimini New York Institute of Technology\u2019de tamamlam\u0131\u015ft\u0131r. E\u011fitim hayat\u0131n\u0131 tamamlad\u0131ktan sonra, elektrik ve enerji sekt\u00f6r\u00fcnde \u00e7al\u0131\u015fmalara ba\u015flam\u0131\u015ft\u0131r. Yenilenebilir enerji sekt\u00f6r\u00fcnde kat\u0131 at\u0131klar\u0131n bertaraf\u0131 ve ekonomiye geri kazan\u0131m\u0131 konusunda 1998 y\u0131l\u0131ndan itibaren yo\u011fun \u00e7al\u0131\u015fmalarda bulunmu\u015ftur. Yurt d\u0131\u015f\u0131nda da yayg\u0131n yenilenebilir enerji teknolojilerinin T\u00fcrkiye\u2019ye tan\u0131t\u0131lmas\u0131 ve getirilmesi konular\u0131nda \u00e7al\u0131\u015fmalarda bulunan Nevhan G\u00fcnd\u00fcz ; 1998 y\u0131l\u0131na kadar orta\u011f\u0131 ve y\u00f6netim kurulu \u00fcyesi oldu\u011fu G\u00fcnd\u00fcz Elektrik Metal \u0130n\u015faat Malzemeleri Tic. ve San. A.\u015e.\u2019de \u00e7al\u0131\u015fmalarda bulunmu\u015ftur. Nevhan G\u00fcnd\u00fcz ve \u00c7ocuklar ? \u0130stanbul\u2019da ya\u015fayan ve iki \u00e7ocuk sahibi olan\u00a0G\u00fcnd\u00fcz kurucu orta\u011f\u0131 oldu\u011fu ORGE Enerji Elektrik Taahh\u00fct A.\u015e.\u2019de Y\u00f6netim Kurulu Ba\u015fkan Yard\u0131mc\u0131s\u0131 ve CEO\u2019luk g\u00f6revlerini s\u00fcrd\u00fcrmektedir. ORGE ELEKTR\u0130K TAAHH\u00dcT HAKKINDA ORGE Elektrik Taahh\u00fct, 1965 y\u0131l\u0131ndan bu yana elektrik taahh\u00fct sekt\u00f6r\u00fcnde i\u015f yapan G\u00dcND\u00dcZ Ailesinin hakim ortak oldu\u011fu bir \u015firket olup, Y\u00f6netim Kurulu Ba\u015fkan\u0131 Orhan G\u00dcND\u00dcZ elektrik taahh\u00fct disiplininin her dal\u0131nda \u00e7al\u0131\u015fma imkan\u0131 bulmu\u015f ve 1968 senesinden itibaren i\u015fveren olarak sekt\u00f6rdeki yerini alm\u0131\u015ft\u0131r. \u00c7ukurova Elektrik, \u0130ller Bankas\u0131 ve T\u00fcrkiye Elektrik Kurumu\u2019nun enerji nakil hatlar\u0131 i\u015flerinde elektrik taahh\u00fct i\u015flerini tamamlam\u0131\u015ft\u0131r. Y\u00f6netim Kurulu Ba\u015fkan\u0131 Orhan G\u00dcND\u00dcZ 54 y\u0131ll\u0131k i\u015f hayat\u0131nda YE\u011eENLER Kollektif \u015eirketi\u2019nin, YE-PA Elektroteknik A.\u015e.\u2019nin, GALDEM A.\u015e.\u2019nin, G\u00dcND\u00dcZ Elektrik A.\u015e.\u2019nin ve AND \u0130n\u015faat A.\u015e.\u2019nin de kuruculu\u011funu ve Ba\u015fkanl\u0131\u011f\u0131n\u0131 yapm\u0131\u015ft\u0131r. \u015eirketimiz, 12.02.1998 tarihinde ORGE Enerji Sistemleri \u0130n\u015faat Metal Ticaret ve Taahh\u00fct A.\u015e. unvan\u0131yla kurulmu\u015f , \u0130stanbul Ticaret Sicil Memurlu\u011funun 389580 sicil numaras\u0131 ile tescil olmu\u015ftur. \u015eirketin unvan\u0131 30.06.2010 tarihinde ORGE Enerji Elektrik Taahh\u00fct A.\u015e.&nbsp; olarak de\u011fi\u015ftirilmi\u015f ve tescil edilmi\u015ftir. Kurulu\u015fundan bug\u00fcne ORGE Elektrik Taahh\u00fct,4.000.000 m2 \u00fczerinde kapal\u0131 alanl\u0131 elektrik taahh\u00fct i\u015fini tamamlam\u0131\u015f ve eksiksiz teslim etmi\u015ftir. ORGE ELEKTR\u0130K TAR\u0130H\u00c7E ORGE Elektrik Taahh\u00fct, 1965 y\u0131l\u0131ndan bu yana elektrik taahh\u00fct sekt\u00f6r\u00fcnde i\u015f yapan G\u00dcND\u00dcZ Ailesinin hakim ortak oldu\u011fu bir \u015firkettir. Y\u00f6netim Kurulu Ba\u015fkan\u0131 Orhan G\u00dcND\u00dcZ elektrik taahh\u00fct disiplininin her dal\u0131nda \u00e7al\u0131\u015fma imkan\u0131 bulmu\u015f ve bilhassa 1968 senesinden itibaren i\u015fveren olarak sekt\u00f6rdeki yerini alm\u0131\u015ft\u0131r. \u015eirketimiz, 12.02.1998 tarihinde ORGE Enerji Sistemleri \u0130n\u015faat Metal Ticaret ve Taahh\u00fct A.\u015e. unvan\u0131yla kurulmu\u015f olup, \u0130stanbul Ticaret Sicil Memurlu\u011funun 389580 sicil numaras\u0131 ile tescil olmu\u015ftur.&nbsp; \u015eirketin unvan\u0131 30.06.2010 tarihinde ORGE Enerji Elektrik Taahh\u00fct A.\u015e.&nbsp; olarak de\u011fi\u015ftirilmi\u015f ve tescil edilmi\u015ftir. Bug\u00fcne kadar ORGE Elektrik Taahh\u00fct 4.000.000 m2 \u00fczerinde kapal\u0131 alanl\u0131 elektrik taahh\u00fct i\u015fini tamamlam\u0131\u015f ve eksiksiz teslim etmi\u015ftir.<\/p>\n","protected":false},"author":1,"featured_media":0,"parent":0,"menu_order":0,"comment_status":"closed","ping_status":"closed","template":"redux-templates_full_width","meta":{"footnotes":""},"class_list":["post-31","page","type-page","status-publish","hentry"],"yoast_head":"<!-- This site is optimized with the Yoast SEO plugin v27.9 - https:\/\/yoast.com\/product\/yoast-seo-wordpress\/ -->\n<title>Nevhan G\u00fcnd\u00fcz Kimdir ? - Nevhan G\u00fcnd\u00fcz - Nevhan G\u00fcnd\u00fcz Haberler<\/title>\n<meta name=\"description\" content=\"Nevhan G\u00fcnd\u00fcz Kimdir : 1975 y\u0131l\u0131nda Hatay\u2019da do\u011fmu\u015f olup, ortaokul ve lise tahsilini \u0130stanbul \u00d6zel Semiha \u015eakir Lisesi\u2019nde\" \/>\n<meta name=\"robots\" content=\"index, follow, max-snippet:-1, max-image-preview:large, max-video-preview:-1\" \/>\n<link rel=\"canonical\" href=\"https:\/\/www.nevhangunduz.com.tr\/index.php\/nevhan-gunduz-hakkinda\/\" \/>\n<meta property=\"og:locale\" content=\"tr_TR\" \/>\n<meta property=\"og:type\" content=\"article\" \/>\n<meta property=\"og:title\" content=\"Nevhan G\u00fcnd\u00fcz Kimdir ? - Nevhan G\u00fcnd\u00fcz - Nevhan G\u00fcnd\u00fcz Haberler\" \/>\n<meta property=\"og:description\" content=\"Nevhan G\u00fcnd\u00fcz Kimdir : 1975 y\u0131l\u0131nda Hatay\u2019da do\u011fmu\u015f olup, ortaokul ve lise tahsilini \u0130stanbul \u00d6zel Semiha \u015eakir Lisesi\u2019nde\" \/>\n<meta property=\"og:url\" content=\"https:\/\/www.nevhangunduz.com.tr\/index.php\/nevhan-gunduz-hakkinda\/\" \/>\n<meta property=\"og:site_name\" content=\"Nevhan G\u00fcnd\u00fcz\" \/>\n<meta property=\"article:modified_time\" content=\"2022-09-29T16:44:54+00:00\" \/>\n<meta property=\"og:image\" content=\"https:\/\/www.nevhangunduz.com.tr\/wp-content\/uploads\/2022\/09\/ERG_3006-1024x697.jpg\" \/>\n<meta name=\"twitter:card\" content=\"summary_large_image\" \/>\n<meta name=\"twitter:label1\" content=\"Tahmini okuma s\u00fcresi\" \/>\n\t<meta name=\"twitter:data1\" content=\"3 dakika\" \/>\n<script type=\"application\/ld+json\" class=\"yoast-schema-graph\">{\"@context\":\"https:\\\/\\\/schema.org\",\"@graph\":[{\"@type\":\"WebPage\",\"@id\":\"https:\\\/\\\/www.nevhangunduz.com.tr\\\/index.php\\\/nevhan-gunduz-hakkinda\\\/\",\"url\":\"https:\\\/\\\/www.nevhangunduz.com.tr\\\/index.php\\\/nevhan-gunduz-hakkinda\\\/\",\"name\":\"Nevhan G\u00fcnd\u00fcz Kimdir ? - Nevhan G\u00fcnd\u00fcz - Nevhan G\u00fcnd\u00fcz Haberler\",\"isPartOf\":{\"@id\":\"https:\\\/\\\/www.nevhangunduz.com.tr\\\/#website\"},\"primaryImageOfPage\":{\"@id\":\"https:\\\/\\\/www.nevhangunduz.com.tr\\\/index.php\\\/nevhan-gunduz-hakkinda\\\/#primaryimage\"},\"image\":{\"@id\":\"https:\\\/\\\/www.nevhangunduz.com.tr\\\/index.php\\\/nevhan-gunduz-hakkinda\\\/#primaryimage\"},\"thumbnailUrl\":\"https:\\\/\\\/www.nevhangunduz.com.tr\\\/wp-content\\\/uploads\\\/2022\\\/09\\\/ERG_3006-1024x697.jpg\",\"datePublished\":\"2017-01-22T18:57:50+00:00\",\"dateModified\":\"2022-09-29T16:44:54+00:00\",\"description\":\"Nevhan G\u00fcnd\u00fcz Kimdir : 1975 y\u0131l\u0131nda Hatay\u2019da do\u011fmu\u015f olup, ortaokul ve lise tahsilini \u0130stanbul \u00d6zel Semiha \u015eakir Lisesi\u2019nde\",\"breadcrumb\":{\"@id\":\"https:\\\/\\\/www.nevhangunduz.com.tr\\\/index.php\\\/nevhan-gunduz-hakkinda\\\/#breadcrumb\"},\"inLanguage\":\"tr\",\"potentialAction\":[{\"@type\":\"ReadAction\",\"target\":[\"https:\\\/\\\/www.nevhangunduz.com.tr\\\/index.php\\\/nevhan-gunduz-hakkinda\\\/\"]}]},{\"@type\":\"ImageObject\",\"inLanguage\":\"tr\",\"@id\":\"https:\\\/\\\/www.nevhangunduz.com.tr\\\/index.php\\\/nevhan-gunduz-hakkinda\\\/#primaryimage\",\"url\":\"https:\\\/\\\/www.nevhangunduz.com.tr\\\/wp-content\\\/uploads\\\/2022\\\/09\\\/ERG_3006-scaled.jpg\",\"contentUrl\":\"https:\\\/\\\/www.nevhangunduz.com.tr\\\/wp-content\\\/uploads\\\/2022\\\/09\\\/ERG_3006-scaled.jpg\",\"width\":2560,\"height\":1742},{\"@type\":\"BreadcrumbList\",\"@id\":\"https:\\\/\\\/www.nevhangunduz.com.tr\\\/index.php\\\/nevhan-gunduz-hakkinda\\\/#breadcrumb\",\"itemListElement\":[{\"@type\":\"ListItem\",\"position\":1,\"name\":\"Ana sayfa\",\"item\":\"https:\\\/\\\/www.nevhangunduz.com.tr\\\/\"},{\"@type\":\"ListItem\",\"position\":2,\"name\":\"Nevhan G\u00fcnd\u00fcz Kimdir ?\"}]},{\"@type\":\"WebSite\",\"@id\":\"https:\\\/\\\/www.nevhangunduz.com.tr\\\/#website\",\"url\":\"https:\\\/\\\/www.nevhangunduz.com.tr\\\/\",\"name\":\"Nevhan G\u00fcnd\u00fcz\",\"description\":\"Nevhan G\u00fcnd\u00fcz Ki\u015fisel Web Sitesi\",\"potentialAction\":[{\"@type\":\"SearchAction\",\"target\":{\"@type\":\"EntryPoint\",\"urlTemplate\":\"https:\\\/\\\/www.nevhangunduz.com.tr\\\/?s={search_term_string}\"},\"query-input\":{\"@type\":\"PropertyValueSpecification\",\"valueRequired\":true,\"valueName\":\"search_term_string\"}}],\"inLanguage\":\"tr\"}]}<\/script>\n<!-- \/ Yoast SEO plugin. -->","yoast_head_json":{"title":"Nevhan G\u00fcnd\u00fcz Kimdir ? - Nevhan G\u00fcnd\u00fcz - Nevhan G\u00fcnd\u00fcz Haberler","description":"Nevhan G\u00fcnd\u00fcz Kimdir : 1975 y\u0131l\u0131nda Hatay\u2019da do\u011fmu\u015f olup, ortaokul ve lise tahsilini \u0130stanbul \u00d6zel Semiha \u015eakir Lisesi\u2019nde","robots":{"index":"index","follow":"follow","max-snippet":"max-snippet:-1","max-image-preview":"max-image-preview:large","max-video-preview":"max-video-preview:-1"},"canonical":"https:\/\/www.nevhangunduz.com.tr\/index.php\/nevhan-gunduz-hakkinda\/","og_locale":"tr_TR","og_type":"article","og_title":"Nevhan G\u00fcnd\u00fcz Kimdir ? - Nevhan G\u00fcnd\u00fcz - Nevhan G\u00fcnd\u00fcz Haberler","og_description":"Nevhan G\u00fcnd\u00fcz Kimdir : 1975 y\u0131l\u0131nda Hatay\u2019da do\u011fmu\u015f olup, ortaokul ve lise tahsilini \u0130stanbul \u00d6zel Semiha \u015eakir Lisesi\u2019nde","og_url":"https:\/\/www.nevhangunduz.com.tr\/index.php\/nevhan-gunduz-hakkinda\/","og_site_name":"Nevhan G\u00fcnd\u00fcz","article_modified_time":"2022-09-29T16:44:54+00:00","og_image":[{"url":"https:\/\/www.nevhangunduz.com.tr\/wp-content\/uploads\/2022\/09\/ERG_3006-1024x697.jpg","type":"","width":"","height":""}],"twitter_card":"summary_large_image","twitter_misc":{"Tahmini okuma s\u00fcresi":"3 dakika"},"schema":{"@context":"https:\/\/schema.org","@graph":[{"@type":"WebPage","@id":"https:\/\/www.nevhangunduz.com.tr\/index.php\/nevhan-gunduz-hakkinda\/","url":"https:\/\/www.nevhangunduz.com.tr\/index.php\/nevhan-gunduz-hakkinda\/","name":"Nevhan G\u00fcnd\u00fcz Kimdir ? - Nevhan G\u00fcnd\u00fcz - Nevhan G\u00fcnd\u00fcz Haberler","isPartOf":{"@id":"https:\/\/www.nevhangunduz.com.tr\/#website"},"primaryImageOfPage":{"@id":"https:\/\/www.nevhangunduz.com.tr\/index.php\/nevhan-gunduz-hakkinda\/#primaryimage"},"image":{"@id":"https:\/\/www.nevhangunduz.com.tr\/index.php\/nevhan-gunduz-hakkinda\/#primaryimage"},"thumbnailUrl":"https:\/\/www.nevhangunduz.com.tr\/wp-content\/uploads\/2022\/09\/ERG_3006-1024x697.jpg","datePublished":"2017-01-22T18:57:50+00:00","dateModified":"2022-09-29T16:44:54+00:00","description":"Nevhan G\u00fcnd\u00fcz Kimdir : 1975 y\u0131l\u0131nda Hatay\u2019da do\u011fmu\u015f olup, ortaokul ve lise tahsilini \u0130stanbul \u00d6zel Semiha \u015eakir Lisesi\u2019nde","breadcrumb":{"@id":"https:\/\/www.nevhangunduz.com.tr\/index.php\/nevhan-gunduz-hakkinda\/#breadcrumb"},"inLanguage":"tr","potentialAction":[{"@type":"ReadAction","target":["https:\/\/www.nevhangunduz.com.tr\/index.php\/nevhan-gunduz-hakkinda\/"]}]},{"@type":"ImageObject","inLanguage":"tr","@id":"https:\/\/www.nevhangunduz.com.tr\/index.php\/nevhan-gunduz-hakkinda\/#primaryimage","url":"https:\/\/www.nevhangunduz.com.tr\/wp-content\/uploads\/2022\/09\/ERG_3006-scaled.jpg","contentUrl":"https:\/\/www.nevhangunduz.com.tr\/wp-content\/uploads\/2022\/09\/ERG_3006-scaled.jpg","width":2560,"height":1742},{"@type":"BreadcrumbList","@id":"https:\/\/www.nevhangunduz.com.tr\/index.php\/nevhan-gunduz-hakkinda\/#breadcrumb","itemListElement":[{"@type":"ListItem","position":1,"name":"Ana sayfa","item":"https:\/\/www.nevhangunduz.com.tr\/"},{"@type":"ListItem","position":2,"name":"Nevhan G\u00fcnd\u00fcz Kimdir ?"}]},{"@type":"WebSite","@id":"https:\/\/www.nevhangunduz.com.tr\/#website","url":"https:\/\/www.nevhangunduz.com.tr\/","name":"Nevhan G\u00fcnd\u00fcz","description":"Nevhan G\u00fcnd\u00fcz Ki\u015fisel Web Sitesi","potentialAction":[{"@type":"SearchAction","target":{"@type":"EntryPoint","urlTemplate":"https:\/\/www.nevhangunduz.com.tr\/?s={search_term_string}"},"query-input":{"@type":"PropertyValueSpecification","valueRequired":true,"valueName":"search_term_string"}}],"inLanguage":"tr"}]}},"_links":{"self":[{"href":"https:\/\/www.nevhangunduz.com.tr\/index.php\/wp-json\/wp\/v2\/pages\/31","targetHints":{"allow":["GET"]}}],"collection":[{"href":"https:\/\/www.nevhangunduz.com.tr\/index.php\/wp-json\/wp\/v2\/pages"}],"about":[{"href":"https:\/\/www.nevhangunduz.com.tr\/index.php\/wp-json\/wp\/v2\/types\/page"}],"author":[{"embeddable":true,"href":"https:\/\/www.nevhangunduz.com.tr\/index.php\/wp-json\/wp\/v2\/users\/1"}],"replies":[{"embeddable":true,"href":"https:\/\/www.nevhangunduz.com.tr\/index.php\/wp-json\/wp\/v2\/comments?post=31"}],"version-history":[{"count":8,"href":"https:\/\/www.nevhangunduz.com.tr\/index.php\/wp-json\/wp\/v2\/pages\/31\/revisions"}],"predecessor-version":[{"id":1262,"href":"https:\/\/www.nevhangunduz.com.tr\/index.php\/wp-json\/wp\/v2\/pages\/31\/revisions\/1262"}],"wp:attachment":[{"href":"https:\/\/www.nevhangunduz.com.tr\/index.php\/wp-json\/wp\/v2\/media?parent=31"}],"curies":[{"name":"wp","href":"https:\/\/api.w.org\/{rel}","templated":true}]}}